{"id":247,"date":"2022-08-20T16:11:14","date_gmt":"2022-08-20T14:11:14","guid":{"rendered":"https:\/\/www.agnd.eu\/wordpress\/?page_id=247"},"modified":"2022-08-20T18:29:47","modified_gmt":"2022-08-20T16:29:47","slug":"blog","status":"publish","type":"page","link":"https:\/\/www.agnd.eu\/index.php\/blog\/","title":{"rendered":"Blog"},"content":{"rendered":"\n<p><\/p>\n\n\n<div  class='av-alb-blogposts template-blog  av-blog-meta-comments-disabled '  itemscope=\"itemscope\" itemtype=\"https:\/\/schema.org\/Blog\" ><article class=\"post-entry post-entry-type-standard post-entry-659 post-loop-1 post-parity-odd single-big with-slider post-659 post type-post status-publish format-standard has-post-thumbnail hentry category-externe-publikation tag-anduril tag-gamification tag-palantir tag-ruestungsindustrie tag-techkonzerne\"  itemscope=\"itemscope\" itemtype=\"https:\/\/schema.org\/BlogPosting\" ><div class=\"big-preview single-big\"  itemprop=\"image\" itemscope=\"itemscope\" itemtype=\"https:\/\/schema.org\/ImageObject\" ><a href=\"https:\/\/www.agnd.eu\/index.php\/2024\/09\/07\/deutschlandfunk-breitband-wie-veraendern-tech-firmen-die-ruestungsindustrie\/\"  title=\"pexels-pixabay-78783\" ><img loading=\"lazy\" decoding=\"async\" width=\"845\" height=\"321\" src=\"https:\/\/www.agnd.eu\/wp-content\/uploads\/2024\/09\/pexels-pixabay-78783-845x321.jpg\" class=\"wp-image-662 avia-img-lazy-loading-662 attachment-entry_with_sidebar size-entry_with_sidebar wp-post-image\" alt=\"\" \/><\/a><\/div><div class=\"blog-meta\"><\/div><div class='entry-content-wrapper clearfix standard-content'><header class=\"entry-content-header\"><h2 class='post-title entry-title '  itemprop=\"headline\" ><a href=\"https:\/\/www.agnd.eu\/index.php\/2024\/09\/07\/deutschlandfunk-breitband-wie-veraendern-tech-firmen-die-ruestungsindustrie\/\" rel=\"bookmark\" title=\"Permanenter Link zu: Deutschlandfunk Breitband: Wie ver\u00e4ndern Tech-Firmen die R\u00fcstungsindustrie?\">Deutschlandfunk Breitband: Wie ver\u00e4ndern Tech-Firmen die R\u00fcstungsindustrie?<span class=\"post-format-icon minor-meta\"><\/span><\/a><\/h2><span class=\"post-meta-infos\"><time class=\"date-container minor-meta updated\"  itemprop=\"datePublished\" datetime=\"2024-09-07T23:42:31+02:00\" >7. September 2024<\/time><span class=\"text-sep\">\/<\/span><span class=\"blog-categories minor-meta\">in <a href=\"https:\/\/www.agnd.eu\/index.php\/category\/externe-publikation\/\" rel=\"tag\">externe Publikation<\/a><\/span><span class=\"text-sep\">\/<\/span><span class=\"blog-author minor-meta\">von <span class=\"entry-author-link\"  itemprop=\"author\" ><span class=\"author\"><span class=\"fn\"><a href=\"https:\/\/www.agnd.eu\/index.php\/author\/manuelagnd\/\" title=\"Beitr\u00e4ge von Manuel Atug\" rel=\"author\">Manuel Atug<\/a><\/span><\/span><\/span><\/span><\/span><\/header><div class=\"entry-content\"  itemprop=\"text\" >Caroline Krohn von der AGND hat im Interview mit Deutschlandfunk Breitband dar\u00fcber gesprochen, wie Tech-Firmen die R\u00fcstungsindustriever\u00e4ndern .\r\n\r\nDen vollst\u00e4ndigen DLF Beitrag findet Ihr hier: <a href=\"https:\/\/www.deutschlandfunkkultur.de\/brasilien-und-x-der-konflikt-geht-weiter-dlf-kultur-d9cd0c53-100.html\">www.deutschlandfunkkultur.de\/brasilien-und-x-der-konflikt-geht-weiter-dlf-kultur-d9cd0c53-100.html<\/a><\/div><footer class=\"entry-footer\"><\/footer><div class='post_delimiter'><\/div><\/div><div class=\"post_author_timeline\"><\/div><span class='hidden'>\n\t\t\t\t<span class='av-structured-data'  itemprop=\"image\" itemscope=\"itemscope\" itemtype=\"https:\/\/schema.org\/ImageObject\" >\n\t\t\t\t\t\t<span itemprop='url'>https:\/\/www.agnd.eu\/wp-content\/uploads\/2024\/09\/pexels-pixabay-78783-scaled.jpg<\/span>\n\t\t\t\t\t\t<span itemprop='height'>1668<\/span>\n\t\t\t\t\t\t<span itemprop='width'>2560<\/span>\n\t\t\t\t<\/span>\n\t\t\t\t<span class='av-structured-data'  itemprop=\"publisher\" itemtype=\"https:\/\/schema.org\/Organization\" itemscope=\"itemscope\" >\n\t\t\t\t\t\t<span itemprop='name'>Manuel Atug<\/span>\n\t\t\t\t\t\t<span itemprop='logo' itemscope itemtype='https:\/\/schema.org\/ImageObject'>\n\t\t\t\t\t\t\t<span itemprop='url'>https:\/\/www.agnd.eu\/wp-content\/uploads\/2022\/08\/AGND-Logo-1030x642.png<\/span>\n\t\t\t\t\t\t <\/span>\n\t\t\t\t<\/span><span class='av-structured-data'  itemprop=\"author\" itemscope=\"itemscope\" itemtype=\"https:\/\/schema.org\/Person\" ><span itemprop='name'>Manuel Atug<\/span><\/span><span class='av-structured-data'  itemprop=\"datePublished\" datetime=\"2024-09-07T23:42:31+02:00\" >2024-09-07 23:42:31<\/span><span class='av-structured-data'  itemprop=\"dateModified\" itemtype=\"https:\/\/schema.org\/dateModified\" >2024-09-09 15:44:13<\/span><span class='av-structured-data'  itemprop=\"mainEntityOfPage\" itemtype=\"https:\/\/schema.org\/mainEntityOfPage\" ><span itemprop='name'>Deutschlandfunk Breitband: Wie ver\u00e4ndern Tech-Firmen die R\u00fcstungsindustrie?<\/span><\/span><\/span><\/article><article class=\"post-entry post-entry-type-standard post-entry-646 post-loop-2 post-parity-even single-big with-slider post-646 post type-post status-publish format-standard has-post-thumbnail hentry category-stellungnahme tag-bdsg tag-bfdi tag-datenschutz tag-dsgvo tag-offener-brief tag-transparenz\"  itemscope=\"itemscope\" itemtype=\"https:\/\/schema.org\/BlogPosting\" ><div class=\"big-preview single-big\"  itemprop=\"image\" itemscope=\"itemscope\" itemtype=\"https:\/\/schema.org\/ImageObject\" ><a href=\"https:\/\/www.agnd.eu\/index.php\/2024\/03\/19\/offener-brief-protest-gegen-die-beschaedigung-des-amtes-des-der-bundesbeauftragten-fuer-datenschutz-und-informationsfreiheit-bfdi\/\"  title=\"marija-zaric-Vdz1YQgDQz8-unsplash\" ><img loading=\"lazy\" decoding=\"async\" width=\"845\" height=\"321\" src=\"https:\/\/www.agnd.eu\/wp-content\/uploads\/2024\/03\/marija-zaric-Vdz1YQgDQz8-unsplash-845x321.jpg\" class=\"wp-image-648 avia-img-lazy-loading-648 attachment-entry_with_sidebar size-entry_with_sidebar wp-post-image\" alt=\"\" \/><\/a><\/div><div class=\"blog-meta\"><\/div><div class='entry-content-wrapper clearfix standard-content'><header class=\"entry-content-header\"><h2 class='post-title entry-title '  itemprop=\"headline\" ><a href=\"https:\/\/www.agnd.eu\/index.php\/2024\/03\/19\/offener-brief-protest-gegen-die-beschaedigung-des-amtes-des-der-bundesbeauftragten-fuer-datenschutz-und-informationsfreiheit-bfdi\/\" rel=\"bookmark\" title=\"Permanenter Link zu: Offener Brief: Protest gegen die Besch\u00e4digung des Amtes des\/der Bundesbeauftragten f\u00fcr Datenschutz und Informationsfreiheit (BfDI)\">Offener Brief: Protest gegen die Besch\u00e4digung des Amtes des\/der Bundesbeauftragten f\u00fcr Datenschutz und Informationsfreiheit (BfDI)<span class=\"post-format-icon minor-meta\"><\/span><\/a><\/h2><span class=\"post-meta-infos\"><time class=\"date-container minor-meta updated\"  itemprop=\"datePublished\" datetime=\"2024-03-19T23:42:13+01:00\" >19. M\u00e4rz 2024<\/time><span class=\"text-sep\">\/<\/span><span class=\"blog-categories minor-meta\">in <a href=\"https:\/\/www.agnd.eu\/index.php\/category\/stellungnahme\/\" rel=\"tag\">Stellungnahme<\/a><\/span><span class=\"text-sep\">\/<\/span><span class=\"blog-author minor-meta\">von <span class=\"entry-author-link\"  itemprop=\"author\" ><span class=\"author\"><span class=\"fn\"><a href=\"https:\/\/www.agnd.eu\/index.php\/author\/manuelagnd\/\" title=\"Beitr\u00e4ge von Manuel Atug\" rel=\"author\">Manuel Atug<\/a><\/span><\/span><\/span><\/span><\/span><\/header><div class=\"entry-content\"  itemprop=\"text\" ><p>Auch Caroline Krohn, Gr\u00fcnderin und Sprecherin der AG Nachhaltige Digitalisierung, hat den offenen Brief zum Protest gegen die Besch\u00e4digung des Amtes des\/der Bundesbeauftragten f\u00fcr Datenschutz und Informationsfreiheit (BfDI) f\u00fcr die AGND mitgezeichnet. Insgesamt 23 nahmhafte Organisationen haben den offenen Brief vom 19.03.2024 mitgezeichnet. Den offenen Brief ver\u00f6ffentlichen wir hier.<\/p>\n<blockquote><p>&#8222;Wir fordern die Bundesregierung und den Bundestag auf, den bereits in erheblicher Weise entstandenen Schaden nach allen Kr\u00e4ften zu begrenzen und schnellstm\u00f6glich Klarheit \u00fcber die Fortf\u00fchrung zu schaffen. Um die Besch\u00e4digung nicht als Dauerzustand fortzusetzen, m\u00fcssen au\u00dferdem die Weichen f\u00fcr die St\u00e4rkung der Unabh\u00e4ngigkeit des Bundesbeauftragten f\u00fcr Datenschutz und Informationsfreiheit durch das Festschreiben eines transparenten Benennungsverfahrens gestellt werden.&#8220; Offener Brief vom 19.03.2024<\/p><\/blockquote>\n<p>Der offene Brief ist \u00f6ffentlich verf\u00fcgbar und kann hier abgerufen werden.<\/p>\n<p><div  class='avia-button-wrap av-2cqob5-5b9bfed333a41d404d6a8e436ba23902-wrap avia-button-center  avia-builder-el-0  avia-builder-el-no-sibling ' ><a href='https:\/\/www.agnd.eu\/wp-content\/uploads\/2024\/03\/Offener-Brief-zum-BfDI-20240320.pdf'  class='avia-button av-2cqob5-5b9bfed333a41d404d6a8e436ba23902 avia-icon_select-yes-left-icon avia-size-small avia-position-center avia-color-theme-color'  target=\"_blank\"  rel=\"noopener noreferrer\"><span class='avia_button_icon avia_button_icon_left' aria-hidden='true' data-av_icon='\ue80d' data-av_iconfont='entypo-fontello'><\/span><span class='avia_iconbox_title' >Offener Brief<\/span><\/a><\/div><\/p>\n<\/div><footer class=\"entry-footer\"><\/footer><div class='post_delimiter'><\/div><\/div><div class=\"post_author_timeline\"><\/div><span class='hidden'>\n\t\t\t\t<span class='av-structured-data'  itemprop=\"image\" itemscope=\"itemscope\" itemtype=\"https:\/\/schema.org\/ImageObject\" >\n\t\t\t\t\t\t<span itemprop='url'>https:\/\/www.agnd.eu\/wp-content\/uploads\/2024\/03\/marija-zaric-Vdz1YQgDQz8-unsplash-scaled.jpg<\/span>\n\t\t\t\t\t\t<span itemprop='height'>1707<\/span>\n\t\t\t\t\t\t<span itemprop='width'>2560<\/span>\n\t\t\t\t<\/span>\n\t\t\t\t<span class='av-structured-data'  itemprop=\"publisher\" itemtype=\"https:\/\/schema.org\/Organization\" itemscope=\"itemscope\" >\n\t\t\t\t\t\t<span itemprop='name'>Manuel Atug<\/span>\n\t\t\t\t\t\t<span itemprop='logo' itemscope itemtype='https:\/\/schema.org\/ImageObject'>\n\t\t\t\t\t\t\t<span itemprop='url'>https:\/\/www.agnd.eu\/wp-content\/uploads\/2022\/08\/AGND-Logo-1030x642.png<\/span>\n\t\t\t\t\t\t <\/span>\n\t\t\t\t<\/span><span class='av-structured-data'  itemprop=\"author\" itemscope=\"itemscope\" itemtype=\"https:\/\/schema.org\/Person\" ><span itemprop='name'>Manuel Atug<\/span><\/span><span class='av-structured-data'  itemprop=\"datePublished\" datetime=\"2024-03-19T23:42:13+01:00\" >2024-03-19 23:42:13<\/span><span class='av-structured-data'  itemprop=\"dateModified\" itemtype=\"https:\/\/schema.org\/dateModified\" >2024-03-20 09:13:36<\/span><span class='av-structured-data'  itemprop=\"mainEntityOfPage\" itemtype=\"https:\/\/schema.org\/mainEntityOfPage\" ><span itemprop='name'>Offener Brief: Protest gegen die Besch\u00e4digung des Amtes des\/der Bundesbeauftragten f\u00fcr Datenschutz und Informationsfreiheit (BfDI)<\/span><\/span><\/span><\/article><article class=\"post-entry post-entry-type-standard post-entry-632 post-loop-3 post-parity-odd post-entry-last single-big with-slider post-632 post type-post status-publish format-standard has-post-thumbnail hentry category-stellungnahme tag-agnd tag-anhoerung tag-menschenschutz tag-palantir tag-rasterfahndung tag-technologiefolgenabschaetzung\"  itemscope=\"itemscope\" itemtype=\"https:\/\/schema.org\/BlogPosting\" ><div class=\"big-preview single-big\"  itemprop=\"image\" itemscope=\"itemscope\" itemtype=\"https:\/\/schema.org\/ImageObject\" ><a href=\"https:\/\/www.agnd.eu\/index.php\/2024\/03\/12\/anhoerung-zu-27-sitzung-des-ausschusses-fuer-inneres-sicherheit-und-ordnung-am-11-12-2023-im-abgeordnetenhaus-von-berlin\/\"  title=\"Anh\u00f6rung Berlin 2023-12 Caro Krohn\" ><img loading=\"lazy\" decoding=\"async\" width=\"845\" height=\"321\" src=\"https:\/\/www.agnd.eu\/wp-content\/uploads\/2024\/03\/Anhoerung-Berlin-2023-12-Caro-Krohn-845x321.jpg\" class=\"wp-image-631 avia-img-lazy-loading-631 attachment-entry_with_sidebar size-entry_with_sidebar wp-post-image\" alt=\"\" \/><\/a><\/div><div class=\"blog-meta\"><\/div><div class='entry-content-wrapper clearfix standard-content'><header class=\"entry-content-header\"><h2 class='post-title entry-title '  itemprop=\"headline\" ><a href=\"https:\/\/www.agnd.eu\/index.php\/2024\/03\/12\/anhoerung-zu-27-sitzung-des-ausschusses-fuer-inneres-sicherheit-und-ordnung-am-11-12-2023-im-abgeordnetenhaus-von-berlin\/\" rel=\"bookmark\" title=\"Permanenter Link zu: Anh\u00f6rung zu 27. Sitzung des Ausschusses f\u00fcr Inneres, Sicherheit und Ordnung am 11.12.2023 im Abgeordnetenhaus von Berlin\">Anh\u00f6rung zu 27. Sitzung des Ausschusses f\u00fcr Inneres, Sicherheit und Ordnung am 11.12.2023 im Abgeordnetenhaus von Berlin<span class=\"post-format-icon minor-meta\"><\/span><\/a><\/h2><span class=\"post-meta-infos\"><time class=\"date-container minor-meta updated\"  itemprop=\"datePublished\" datetime=\"2024-03-12T17:20:25+01:00\" >12. M\u00e4rz 2024<\/time><span class=\"text-sep\">\/<\/span><span class=\"blog-categories minor-meta\">in <a href=\"https:\/\/www.agnd.eu\/index.php\/category\/stellungnahme\/\" rel=\"tag\">Stellungnahme<\/a><\/span><span class=\"text-sep\">\/<\/span><span class=\"blog-author minor-meta\">von <span class=\"entry-author-link\"  itemprop=\"author\" ><span class=\"author\"><span class=\"fn\"><a href=\"https:\/\/www.agnd.eu\/index.php\/author\/manuelagnd\/\" title=\"Beitr\u00e4ge von Manuel Atug\" rel=\"author\">Manuel Atug<\/a><\/span><\/span><\/span><\/span><\/span><\/header><div class=\"entry-content\"  itemprop=\"text\" ><p>Am 11. Dezember 2023 war Caroline Krohn, Gr\u00fcnderin und Sprecherin der AG Nachhaltige Digitalisierung, in der Anh\u00f6rung des Ausschusses f\u00fcr Inneres, Sicherheit und Ordnung im Abgeordnetenhauus von Berlin als Sachverst\u00e4ndige zum Thema \u201eSchutz vor Cyberangriffen: Stand und Entwicklungen\u201c geladen. Die m\u00fcndliche Stellungnahme im Ausschuss ver\u00f6ffentlichen wir hier.<\/p>\n<blockquote><p>&#8222;Beispielsweise&#8230;aus Hessen, wo ich herkomme oder Hamburg, Bayern oder Nordrhein-Westfalen \u2013 ist Palantir ein bereits getestetes Unternehmen, das f\u00fcr die Polizeiarbeit installiert wird, das ganz deutlich den Menschenschutz gef\u00e4hrdet. Auch hier appelliere ich an den Ausschuss f\u00fcr Inneres, die Gesetzgebung einer Technologiefolgeabsch\u00e4tzung zu \u00fcberpr\u00fcfen, denn digitale Rasterfahndung ist keinen Deut besser als die Rasterfahndung, die wir aus den Sechzigerjahren schon kennen.&#8220; Caroline Krohn in der Anh\u00f6rung.<\/p><\/blockquote>\n<p>Die Anh\u00f6rung ist \u00f6ffentlich verf\u00fcgbar und die Aufzeichnung kann hier abgerufen werden.<\/p>\n<p><div  class='avia-button-wrap av-2cqob5-d74d84f04e3a9abb7f4b794e39f63647-wrap avia-button-center  avia-builder-el-0  el_before_av_button  avia-builder-el-first ' ><a href='https:\/\/www.youtube.com\/watch?v=WHfGMZ87rns' class='avia-button av-2cqob5-d74d84f04e3a9abb7f4b794e39f63647 avia-icon_select-yes-left-icon avia-size-small avia-position-center avia-color-theme-color' target=\"_blank\" rel=\"noopener noreferrer\"><span class='avia_button_icon avia_button_icon_left' aria-hidden='true' data-av_icon='\ue80d' data-av_iconfont='entypo-fontello'><\/span><span class='avia_iconbox_title' >Videorecording der gesamten Anh\u00f6rung<\/span><\/a><\/div><\/p>\n<p><div  class='avia-button-wrap av-32tgam-1-d52c275118dcd8e20b6230b36764b943-wrap avia-button-center  avia-builder-el-1  el_after_av_button  avia-builder-el-last ' ><a href='https:\/\/www.parlament-berlin.de\/ados\/19\/InnSichO\/protokoll\/iso19-027-wp.pdf'  class='avia-button av-32tgam-1-d52c275118dcd8e20b6230b36764b943 avia-icon_select-yes-left-icon avia-size-small avia-position-center avia-color-theme-color' ><span class='avia_button_icon avia_button_icon_left' aria-hidden='true' data-av_icon='\ue84e' data-av_iconfont='entypo-fontello'><\/span><span class='avia_iconbox_title' >Wortprotokoll der Sitzung<\/span><\/a><\/div><\/p>\n<\/div><footer class=\"entry-footer\"><\/footer><div class='post_delimiter'><\/div><\/div><div class=\"post_author_timeline\"><\/div><span class='hidden'>\n\t\t\t\t<span class='av-structured-data'  itemprop=\"image\" itemscope=\"itemscope\" itemtype=\"https:\/\/schema.org\/ImageObject\" >\n\t\t\t\t\t\t<span itemprop='url'>https:\/\/www.agnd.eu\/wp-content\/uploads\/2024\/03\/Anhoerung-Berlin-2023-12-Caro-Krohn.jpg<\/span>\n\t\t\t\t\t\t<span itemprop='height'>879<\/span>\n\t\t\t\t\t\t<span itemprop='width'>1494<\/span>\n\t\t\t\t<\/span>\n\t\t\t\t<span class='av-structured-data'  itemprop=\"publisher\" itemtype=\"https:\/\/schema.org\/Organization\" itemscope=\"itemscope\" >\n\t\t\t\t\t\t<span itemprop='name'>Manuel Atug<\/span>\n\t\t\t\t\t\t<span itemprop='logo' itemscope itemtype='https:\/\/schema.org\/ImageObject'>\n\t\t\t\t\t\t\t<span itemprop='url'>https:\/\/www.agnd.eu\/wp-content\/uploads\/2022\/08\/AGND-Logo-1030x642.png<\/span>\n\t\t\t\t\t\t <\/span>\n\t\t\t\t<\/span><span class='av-structured-data'  itemprop=\"author\" itemscope=\"itemscope\" itemtype=\"https:\/\/schema.org\/Person\" ><span itemprop='name'>Manuel Atug<\/span><\/span><span class='av-structured-data'  itemprop=\"datePublished\" datetime=\"2024-03-12T17:20:25+01:00\" >2024-03-12 17:20:25<\/span><span class='av-structured-data'  itemprop=\"dateModified\" itemtype=\"https:\/\/schema.org\/dateModified\" >2024-03-12 18:01:36<\/span><span class='av-structured-data'  itemprop=\"mainEntityOfPage\" itemtype=\"https:\/\/schema.org\/mainEntityOfPage\" ><span itemprop='name'>Anh\u00f6rung zu 27. Sitzung des Ausschusses f\u00fcr Inneres, Sicherheit und Ordnung am 11.12.2023 im Abgeordnetenhaus von Berlin<\/span><\/span><\/span><\/article><div class='single-big'><nav class='pagination'><span class='pagination-meta'>Seite 1 von 9<\/span><span class='current'>1<\/span><a href='https:\/\/www.agnd.eu\/index.php\/wp-json\/wp\/v2\/pages\/247\/page\/2\/' class='inactive next_page' >2<\/a><a href='https:\/\/www.agnd.eu\/index.php\/wp-json\/wp\/v2\/pages\/247\/page\/3\/' class='inactive' >3<\/a><a href='https:\/\/www.agnd.eu\/index.php\/wp-json\/wp\/v2\/pages\/247\/page\/2\/'>&rsaquo;<\/a><a href='https:\/\/www.agnd.eu\/index.php\/wp-json\/wp\/v2\/pages\/247\/page\/9\/'>&raquo;<\/a><\/nav>\n<\/div><\/div>\n","protected":false},"excerpt":{"rendered":"","protected":false},"author":1,"featured_media":0,"parent":0,"menu_order":0,"comment_status":"closed","ping_status":"closed","template":"","meta":{"footnotes":""},"class_list":["post-247","page","type-page","status-publish","hentry"],"yoast_head":"<!-- This site is optimized with the Yoast SEO plugin v27.5 - https:\/\/yoast.com\/product\/yoast-seo-wordpress\/ -->\n<title>Blog - AGND<\/title>\n<meta name=\"robots\" content=\"index, follow, max-snippet:-1, max-image-preview:large, max-video-preview:-1\" \/>\n<link rel=\"canonical\" href=\"https:\/\/www.agnd.eu\/index.php\/blog\/\" \/>\n<meta property=\"og:locale\" content=\"de_DE\" \/>\n<meta property=\"og:type\" content=\"article\" \/>\n<meta property=\"og:title\" content=\"Blog - AGND\" \/>\n<meta property=\"og:url\" content=\"https:\/\/www.agnd.eu\/index.php\/blog\/\" \/>\n<meta property=\"og:site_name\" content=\"AGND\" \/>\n<meta property=\"article:modified_time\" content=\"2022-08-20T16:29:47+00:00\" \/>\n<meta name=\"twitter:card\" content=\"summary_large_image\" \/>\n<script type=\"application\/ld+json\" class=\"yoast-schema-graph\">{\"@context\":\"https:\\\/\\\/schema.org\",\"@graph\":[{\"@type\":\"WebPage\",\"@id\":\"https:\\\/\\\/www.agnd.eu\\\/index.php\\\/blog\\\/\",\"url\":\"https:\\\/\\\/www.agnd.eu\\\/index.php\\\/blog\\\/\",\"name\":\"Blog - AGND\",\"isPartOf\":{\"@id\":\"https:\\\/\\\/www.agnd.eu\\\/#website\"},\"datePublished\":\"2022-08-20T14:11:14+00:00\",\"dateModified\":\"2022-08-20T16:29:47+00:00\",\"breadcrumb\":{\"@id\":\"https:\\\/\\\/www.agnd.eu\\\/index.php\\\/blog\\\/#breadcrumb\"},\"inLanguage\":\"de\",\"potentialAction\":[{\"@type\":\"ReadAction\",\"target\":[\"https:\\\/\\\/www.agnd.eu\\\/index.php\\\/blog\\\/\"]}]},{\"@type\":\"BreadcrumbList\",\"@id\":\"https:\\\/\\\/www.agnd.eu\\\/index.php\\\/blog\\\/#breadcrumb\",\"itemListElement\":[{\"@type\":\"ListItem\",\"position\":1,\"name\":\"Startseite\",\"item\":\"https:\\\/\\\/www.agnd.eu\\\/\"},{\"@type\":\"ListItem\",\"position\":2,\"name\":\"Blog\"}]},{\"@type\":\"WebSite\",\"@id\":\"https:\\\/\\\/www.agnd.eu\\\/#website\",\"url\":\"https:\\\/\\\/www.agnd.eu\\\/\",\"name\":\"AGND\",\"description\":\"AG Nachhaltige Digitalisierung\",\"publisher\":{\"@id\":\"https:\\\/\\\/www.agnd.eu\\\/#organization\"},\"potentialAction\":[{\"@type\":\"SearchAction\",\"target\":{\"@type\":\"EntryPoint\",\"urlTemplate\":\"https:\\\/\\\/www.agnd.eu\\\/?s={search_term_string}\"},\"query-input\":{\"@type\":\"PropertyValueSpecification\",\"valueRequired\":true,\"valueName\":\"search_term_string\"}}],\"inLanguage\":\"de\"},{\"@type\":\"Organization\",\"@id\":\"https:\\\/\\\/www.agnd.eu\\\/#organization\",\"name\":\"AGND\",\"url\":\"https:\\\/\\\/www.agnd.eu\\\/\",\"logo\":{\"@type\":\"ImageObject\",\"inLanguage\":\"de\",\"@id\":\"https:\\\/\\\/www.agnd.eu\\\/#\\\/schema\\\/logo\\\/image\\\/\",\"url\":\"\",\"contentUrl\":\"\",\"caption\":\"AGND\"},\"image\":{\"@id\":\"https:\\\/\\\/www.agnd.eu\\\/#\\\/schema\\\/logo\\\/image\\\/\"}}]}<\/script>\n<!-- \/ Yoast SEO plugin. -->","yoast_head_json":{"title":"Blog - AGND","robots":{"index":"index","follow":"follow","max-snippet":"max-snippet:-1","max-image-preview":"max-image-preview:large","max-video-preview":"max-video-preview:-1"},"canonical":"https:\/\/www.agnd.eu\/index.php\/blog\/","og_locale":"de_DE","og_type":"article","og_title":"Blog - AGND","og_url":"https:\/\/www.agnd.eu\/index.php\/blog\/","og_site_name":"AGND","article_modified_time":"2022-08-20T16:29:47+00:00","twitter_card":"summary_large_image","schema":{"@context":"https:\/\/schema.org","@graph":[{"@type":"WebPage","@id":"https:\/\/www.agnd.eu\/index.php\/blog\/","url":"https:\/\/www.agnd.eu\/index.php\/blog\/","name":"Blog - AGND","isPartOf":{"@id":"https:\/\/www.agnd.eu\/#website"},"datePublished":"2022-08-20T14:11:14+00:00","dateModified":"2022-08-20T16:29:47+00:00","breadcrumb":{"@id":"https:\/\/www.agnd.eu\/index.php\/blog\/#breadcrumb"},"inLanguage":"de","potentialAction":[{"@type":"ReadAction","target":["https:\/\/www.agnd.eu\/index.php\/blog\/"]}]},{"@type":"BreadcrumbList","@id":"https:\/\/www.agnd.eu\/index.php\/blog\/#breadcrumb","itemListElement":[{"@type":"ListItem","position":1,"name":"Startseite","item":"https:\/\/www.agnd.eu\/"},{"@type":"ListItem","position":2,"name":"Blog"}]},{"@type":"WebSite","@id":"https:\/\/www.agnd.eu\/#website","url":"https:\/\/www.agnd.eu\/","name":"AGND","description":"AG Nachhaltige Digitalisierung","publisher":{"@id":"https:\/\/www.agnd.eu\/#organization"},"potentialAction":[{"@type":"SearchAction","target":{"@type":"EntryPoint","urlTemplate":"https:\/\/www.agnd.eu\/?s={search_term_string}"},"query-input":{"@type":"PropertyValueSpecification","valueRequired":true,"valueName":"search_term_string"}}],"inLanguage":"de"},{"@type":"Organization","@id":"https:\/\/www.agnd.eu\/#organization","name":"AGND","url":"https:\/\/www.agnd.eu\/","logo":{"@type":"ImageObject","inLanguage":"de","@id":"https:\/\/www.agnd.eu\/#\/schema\/logo\/image\/","url":"","contentUrl":"","caption":"AGND"},"image":{"@id":"https:\/\/www.agnd.eu\/#\/schema\/logo\/image\/"}}]}},"_links":{"self":[{"href":"https:\/\/www.agnd.eu\/index.php\/wp-json\/wp\/v2\/pages\/247","targetHints":{"allow":["GET"]}}],"collection":[{"href":"https:\/\/www.agnd.eu\/index.php\/wp-json\/wp\/v2\/pages"}],"about":[{"href":"https:\/\/www.agnd.eu\/index.php\/wp-json\/wp\/v2\/types\/page"}],"author":[{"embeddable":true,"href":"https:\/\/www.agnd.eu\/index.php\/wp-json\/wp\/v2\/users\/1"}],"replies":[{"embeddable":true,"href":"https:\/\/www.agnd.eu\/index.php\/wp-json\/wp\/v2\/comments?post=247"}],"version-history":[{"count":2,"href":"https:\/\/www.agnd.eu\/index.php\/wp-json\/wp\/v2\/pages\/247\/revisions"}],"predecessor-version":[{"id":334,"href":"https:\/\/www.agnd.eu\/index.php\/wp-json\/wp\/v2\/pages\/247\/revisions\/334"}],"wp:attachment":[{"href":"https:\/\/www.agnd.eu\/index.php\/wp-json\/wp\/v2\/media?parent=247"}],"curies":[{"name":"wp","href":"https:\/\/api.w.org\/{rel}","templated":true}]}}