{"id":31,"date":"2018-10-23T08:04:01","date_gmt":"2018-10-23T08:04:01","guid":{"rendered":"https:\/\/futuriodemos.com\/default-demo\/?page_id=31"},"modified":"2022-08-20T20:43:02","modified_gmt":"2022-08-20T18:43:02","slug":"home","status":"publish","type":"page","link":"https:\/\/www.agnd.eu\/","title":{"rendered":"Startseite"},"content":{"rendered":"<div   class='avia-fullscreen-slider main_color   avia-builder-el-0  el_before_av_section  avia-builder-el-first  container_wrap sidebar_right'  ><div  class='avia-slideshow av-l728ux1f-25fd7f7cbd2d89bf816663ac1789c8a4 avia-slideshow-extra_large av_fullscreen avia-slide-slider av-slideshow-ui av-control-default av-slideshow-manual av-loop-once av-loop-manual-endless av-default-height-applied   avia-slideshow-1' data-slideshow-options=\"{&quot;animation&quot;:&quot;slide&quot;,&quot;autoplay&quot;:false,&quot;loop_autoplay&quot;:&quot;once&quot;,&quot;interval&quot;:5,&quot;loop_manual&quot;:&quot;manual-endless&quot;,&quot;autoplay_stopper&quot;:false,&quot;noNavigation&quot;:false,&quot;bg_slider&quot;:true,&quot;keep_padding&quot;:false,&quot;hoverpause&quot;:false,&quot;show_slide_delay&quot;:0,&quot;slide_height&quot;:&quot;100&quot;,&quot;image_attachment&quot;:&quot;scroll&quot;}\"  itemprop=\"image\" itemscope=\"itemscope\" itemtype=\"https:\/\/schema.org\/ImageObject\" ><ul class='avia-slideshow-inner ' style='padding-bottom: 76%;'><li style='background-position:center center;' data-img-url='https:\/\/www.agnd.eu\/wp-content\/uploads\/2022\/08\/milad-fakurian-bMSA5-tLFao-unsplash-1500x1140.jpg' class='avia-slideshow-slide av-l728ux1f-25fd7f7cbd2d89bf816663ac1789c8a4__0  av-single-slide slide-1 slide-odd'><div data-rel='slideshow-1' class='avia-slide-wrap '   ><div class='av-slideshow-caption av-l728ux1f-25fd7f7cbd2d89bf816663ac1789c8a4__0 caption_fullwidth caption_bottom'><div class=\"container caption_container\"><div class=\"slideshow_caption\"><div class=\"slideshow_inner_caption\"><div class=\"slideshow_align_caption\"><h2 class='avia-caption-title '  itemprop=\"name\" >AG Nachhaltige Digitalisierung<\/h2><div class='avia-caption-content '  itemprop=\"description\" ><p>Kernforderung dieser Arbeitsgruppe ist es, technische Schulden an kommende Generationen zu vermeiden und Security by Design in allen Institutionen und Systemen durchzusetzen.<\/p>\n<p>Die digitale Transformation verantwortungsvoll anzugehen, ist gleichsam eine technische wie ethische Aufgabe.<\/p>\n<p>Die Arbeitsgruppe Nachhaltige Digitalisierung (AGND) ist eine Gruppe von unabh\u00e4ngigen Fachleuten, die sich mit den Langzeitfolgen der Digitalisierung befasst.<\/p>\n<\/div><\/div><\/div><\/div><\/div><\/div><\/div><\/li><\/ul><\/div><\/div>\n<div id='av_section_1'  class='avia-section av-otmb-87d667f9a9e4d2accc612a4dcd3f8f00 main_color avia-section-default avia-no-border-styling  avia-builder-el-1  el_after_av_fullscreen  el_before_av_section  avia-bg-style-scroll container_wrap sidebar_right'  ><div class='container av-section-cont-open' ><div class='template-page content  av-content-small alpha units'><div class='post-entry post-entry-type-page post-entry-31'><div class='entry-content-wrapper clearfix'>\n\n<style type=\"text\/css\" data-created_by=\"avia_inline_auto\" id=\"style-css-av-l727siaf-e69e8ea253bf5699cc56399d981cd446\">\n#top .av-special-heading.av-l727siaf-e69e8ea253bf5699cc56399d981cd446{\npadding-bottom:10px;\n}\nbody .av-special-heading.av-l727siaf-e69e8ea253bf5699cc56399d981cd446 .av-special-heading-tag .heading-char{\nfont-size:25px;\n}\n.av-special-heading.av-l727siaf-e69e8ea253bf5699cc56399d981cd446 .av-subheading{\nfont-size:15px;\n}\n<\/style>\n<div  class='av-special-heading av-l727siaf-e69e8ea253bf5699cc56399d981cd446 av-special-heading-h2  avia-builder-el-2  el_before_av_blog  avia-builder-el-first '><h2 class='av-special-heading-tag'  itemprop=\"headline\"  >Aktuelles<\/h2><div class=\"special-heading-border\"><div class=\"special-heading-inner-border\"><\/div><\/div><\/div>\n<div  data-slideshow-options=\"{&quot;animation&quot;:&quot;fade&quot;,&quot;autoplay&quot;:false,&quot;loop_autoplay&quot;:&quot;once&quot;,&quot;interval&quot;:5,&quot;loop_manual&quot;:&quot;manual-endless&quot;,&quot;autoplay_stopper&quot;:false,&quot;noNavigation&quot;:false,&quot;show_slide_delay&quot;:90}\" class='avia-content-slider avia-content-grid-active avia-content-slider1 avia-content-slider-odd  avia-builder-el-3  el_after_av_heading  avia-builder-el-last  av-slideshow-ui av-control-default   av-no-slider-navigation av-slideshow-manual av-loop-once av-loop-manual-endless '  itemscope=\"itemscope\" itemtype=\"https:\/\/schema.org\/Blog\" ><div class=\"avia-content-slider-inner\"><div class=\"slide-entry-wrap\"><article class='slide-entry flex_column  post-entry post-entry-659 slide-entry-overview slide-loop-1 slide-parity-odd  av_one_third first real-thumbnail post-format-standard'  itemscope=\"itemscope\" itemtype=\"https:\/\/schema.org\/CreativeWork\" ><a href='https:\/\/www.agnd.eu\/index.php\/2024\/09\/07\/deutschlandfunk-breitband-wie-veraendern-tech-firmen-die-ruestungsindustrie\/' data-rel='slide-1' class='slide-image' title='Deutschlandfunk Breitband: Wie ver\u00e4ndern Tech-Firmen die R\u00fcstungsindustrie?'><img decoding=\"async\" width=\"495\" height=\"400\" src=\"https:\/\/www.agnd.eu\/wp-content\/uploads\/2024\/09\/pexels-pixabay-78783-495x400.jpg\" class=\"wp-image-662 avia-img-lazy-loading-not-662 attachment-portfolio size-portfolio wp-post-image\" alt=\"\" srcset=\"https:\/\/www.agnd.eu\/wp-content\/uploads\/2024\/09\/pexels-pixabay-78783-495x400.jpg 495w, https:\/\/www.agnd.eu\/wp-content\/uploads\/2024\/09\/pexels-pixabay-78783-845x684.jpg 845w\" sizes=\"(max-width: 495px) 100vw, 495px\" \/><\/a><div class=\"slide-content\"><header class=\"entry-content-header\"><h3 class='slide-entry-title entry-title '  itemprop=\"headline\" ><a href='https:\/\/www.agnd.eu\/index.php\/2024\/09\/07\/deutschlandfunk-breitband-wie-veraendern-tech-firmen-die-ruestungsindustrie\/' title='Deutschlandfunk Breitband: Wie ver\u00e4ndern Tech-Firmen die R\u00fcstungsindustrie?'>Deutschlandfunk Breitband: Wie ver\u00e4ndern Tech-Firmen die R\u00fcstungsindustrie?<\/a><\/h3><span class=\"av-vertical-delimiter\"><\/span><\/header><div class=\"slide-meta\"><time class='slide-meta-time updated'  itemprop=\"datePublished\" datetime=\"2024-09-07T23:42:31+02:00\" >7. September 2024<\/time><\/div><div class='slide-entry-excerpt entry-content'  itemprop=\"text\" >Caroline Krohn von der AGND hat im Interview mit Deutschlandfunk\u2026<div class=\"read-more-link\"><a href=\"https:\/\/www.agnd.eu\/index.php\/2024\/09\/07\/deutschlandfunk-breitband-wie-veraendern-tech-firmen-die-ruestungsindustrie\/\" class=\"more-link\">Weiterlesen<span class=\"more-link-arrow\"><\/span><\/a><\/div><\/div><\/div><footer class=\"entry-footer\"><\/footer><span class='hidden'>\n\t\t\t\t<span class='av-structured-data'  itemprop=\"image\" itemscope=\"itemscope\" itemtype=\"https:\/\/schema.org\/ImageObject\" >\n\t\t\t\t\t\t<span itemprop='url'>https:\/\/www.agnd.eu\/wp-content\/uploads\/2024\/09\/pexels-pixabay-78783-scaled.jpg<\/span>\n\t\t\t\t\t\t<span itemprop='height'>1668<\/span>\n\t\t\t\t\t\t<span itemprop='width'>2560<\/span>\n\t\t\t\t<\/span>\n\t\t\t\t<span class='av-structured-data'  itemprop=\"publisher\" itemtype=\"https:\/\/schema.org\/Organization\" itemscope=\"itemscope\" >\n\t\t\t\t\t\t<span itemprop='name'>Manuel Atug<\/span>\n\t\t\t\t\t\t<span itemprop='logo' itemscope itemtype='https:\/\/schema.org\/ImageObject'>\n\t\t\t\t\t\t\t<span itemprop='url'>https:\/\/www.agnd.eu\/wp-content\/uploads\/2022\/08\/AGND-Logo-1030x642.png<\/span>\n\t\t\t\t\t\t <\/span>\n\t\t\t\t<\/span><span class='av-structured-data'  itemprop=\"author\" itemscope=\"itemscope\" itemtype=\"https:\/\/schema.org\/Person\" ><span itemprop='name'>Manuel Atug<\/span><\/span><span class='av-structured-data'  itemprop=\"datePublished\" datetime=\"2018-10-23T08:04:01+02:00\" >2024-09-07 23:42:31<\/span><span class='av-structured-data'  itemprop=\"dateModified\" itemtype=\"https:\/\/schema.org\/dateModified\" >2024-09-09 15:44:13<\/span><span class='av-structured-data'  itemprop=\"mainEntityOfPage\" itemtype=\"https:\/\/schema.org\/mainEntityOfPage\" ><span itemprop='name'>Deutschlandfunk Breitband: Wie ver\u00e4ndern Tech-Firmen die R\u00fcstungsindustrie?<\/span><\/span><\/span><\/article><article class='slide-entry flex_column  post-entry post-entry-646 slide-entry-overview slide-loop-2 slide-parity-even  av_one_third  real-thumbnail post-format-standard'  itemscope=\"itemscope\" itemtype=\"https:\/\/schema.org\/CreativeWork\" ><a href='https:\/\/www.agnd.eu\/index.php\/2024\/03\/19\/offener-brief-protest-gegen-die-beschaedigung-des-amtes-des-der-bundesbeauftragten-fuer-datenschutz-und-informationsfreiheit-bfdi\/' data-rel='slide-1' class='slide-image' title='Offener Brief: Protest gegen die Besch\u00e4digung des Amtes des\/der Bundesbeauftragten f\u00fcr Datenschutz und Informationsfreiheit (BfDI)'><img decoding=\"async\" width=\"495\" height=\"400\" src=\"https:\/\/www.agnd.eu\/wp-content\/uploads\/2024\/03\/marija-zaric-Vdz1YQgDQz8-unsplash-495x400.jpg\" class=\"wp-image-648 avia-img-lazy-loading-not-648 attachment-portfolio size-portfolio wp-post-image\" alt=\"\" srcset=\"https:\/\/www.agnd.eu\/wp-content\/uploads\/2024\/03\/marija-zaric-Vdz1YQgDQz8-unsplash-495x400.jpg 495w, https:\/\/www.agnd.eu\/wp-content\/uploads\/2024\/03\/marija-zaric-Vdz1YQgDQz8-unsplash-845x684.jpg 845w\" sizes=\"(max-width: 495px) 100vw, 495px\" \/><\/a><div class=\"slide-content\"><header class=\"entry-content-header\"><h3 class='slide-entry-title entry-title '  itemprop=\"headline\" ><a href='https:\/\/www.agnd.eu\/index.php\/2024\/03\/19\/offener-brief-protest-gegen-die-beschaedigung-des-amtes-des-der-bundesbeauftragten-fuer-datenschutz-und-informationsfreiheit-bfdi\/' title='Offener Brief: Protest gegen die Besch\u00e4digung des Amtes des\/der Bundesbeauftragten f\u00fcr Datenschutz und Informationsfreiheit (BfDI)'>Offener Brief: Protest gegen die Besch\u00e4digung des Amtes des\/der Bundesbeauftragten f\u00fcr Datenschutz und Informationsfreiheit (BfDI)<\/a><\/h3><span class=\"av-vertical-delimiter\"><\/span><\/header><div class=\"slide-meta\"><time class='slide-meta-time updated'  itemprop=\"datePublished\" datetime=\"2024-03-19T23:42:13+01:00\" >19. M\u00e4rz 2024<\/time><\/div><div class='slide-entry-excerpt entry-content'  itemprop=\"text\" >Auch Caroline Krohn, Gr\u00fcnderin und Sprecherin der AG Nachhaltige\u2026<div class=\"read-more-link\"><a href=\"https:\/\/www.agnd.eu\/index.php\/2024\/03\/19\/offener-brief-protest-gegen-die-beschaedigung-des-amtes-des-der-bundesbeauftragten-fuer-datenschutz-und-informationsfreiheit-bfdi\/\" class=\"more-link\">Weiterlesen<span class=\"more-link-arrow\"><\/span><\/a><\/div><\/div><\/div><footer class=\"entry-footer\"><\/footer><span class='hidden'>\n\t\t\t\t<span class='av-structured-data'  itemprop=\"image\" itemscope=\"itemscope\" itemtype=\"https:\/\/schema.org\/ImageObject\" >\n\t\t\t\t\t\t<span itemprop='url'>https:\/\/www.agnd.eu\/wp-content\/uploads\/2024\/03\/marija-zaric-Vdz1YQgDQz8-unsplash-scaled.jpg<\/span>\n\t\t\t\t\t\t<span itemprop='height'>1707<\/span>\n\t\t\t\t\t\t<span itemprop='width'>2560<\/span>\n\t\t\t\t<\/span>\n\t\t\t\t<span class='av-structured-data'  itemprop=\"publisher\" itemtype=\"https:\/\/schema.org\/Organization\" itemscope=\"itemscope\" >\n\t\t\t\t\t\t<span itemprop='name'>Manuel Atug<\/span>\n\t\t\t\t\t\t<span itemprop='logo' itemscope itemtype='https:\/\/schema.org\/ImageObject'>\n\t\t\t\t\t\t\t<span itemprop='url'>https:\/\/www.agnd.eu\/wp-content\/uploads\/2022\/08\/AGND-Logo-1030x642.png<\/span>\n\t\t\t\t\t\t <\/span>\n\t\t\t\t<\/span><span class='av-structured-data'  itemprop=\"author\" itemscope=\"itemscope\" itemtype=\"https:\/\/schema.org\/Person\" ><span itemprop='name'>Manuel Atug<\/span><\/span><span class='av-structured-data'  itemprop=\"datePublished\" datetime=\"2018-10-23T08:04:01+02:00\" >2024-03-19 23:42:13<\/span><span class='av-structured-data'  itemprop=\"dateModified\" itemtype=\"https:\/\/schema.org\/dateModified\" >2024-03-20 09:13:36<\/span><span class='av-structured-data'  itemprop=\"mainEntityOfPage\" itemtype=\"https:\/\/schema.org\/mainEntityOfPage\" ><span itemprop='name'>Offener Brief: Protest gegen die Besch\u00e4digung des Amtes des\/der Bundesbeauftragten f\u00fcr Datenschutz und Informationsfreiheit (BfDI)<\/span><\/span><\/span><\/article><article class='slide-entry flex_column  post-entry post-entry-632 slide-entry-overview slide-loop-3 slide-parity-odd  post-entry-last  av_one_third  real-thumbnail post-format-standard'  itemscope=\"itemscope\" itemtype=\"https:\/\/schema.org\/CreativeWork\" ><a href='https:\/\/www.agnd.eu\/index.php\/2024\/03\/12\/anhoerung-zu-27-sitzung-des-ausschusses-fuer-inneres-sicherheit-und-ordnung-am-11-12-2023-im-abgeordnetenhaus-von-berlin\/' data-rel='slide-1' class='slide-image' title='Anh\u00f6rung zu 27. Sitzung des Ausschusses f\u00fcr Inneres, Sicherheit und Ordnung am 11.12.2023 im Abgeordnetenhaus von Berlin'><img decoding=\"async\" width=\"495\" height=\"400\" src=\"https:\/\/www.agnd.eu\/wp-content\/uploads\/2024\/03\/Anhoerung-Berlin-2023-12-Caro-Krohn-495x400.jpg\" class=\"wp-image-631 avia-img-lazy-loading-not-631 attachment-portfolio size-portfolio wp-post-image\" alt=\"\" srcset=\"https:\/\/www.agnd.eu\/wp-content\/uploads\/2024\/03\/Anhoerung-Berlin-2023-12-Caro-Krohn-495x400.jpg 495w, https:\/\/www.agnd.eu\/wp-content\/uploads\/2024\/03\/Anhoerung-Berlin-2023-12-Caro-Krohn-845x684.jpg 845w\" sizes=\"(max-width: 495px) 100vw, 495px\" \/><\/a><div class=\"slide-content\"><header class=\"entry-content-header\"><h3 class='slide-entry-title entry-title '  itemprop=\"headline\" ><a href='https:\/\/www.agnd.eu\/index.php\/2024\/03\/12\/anhoerung-zu-27-sitzung-des-ausschusses-fuer-inneres-sicherheit-und-ordnung-am-11-12-2023-im-abgeordnetenhaus-von-berlin\/' title='Anh\u00f6rung zu 27. Sitzung des Ausschusses f\u00fcr Inneres, Sicherheit und Ordnung am 11.12.2023 im Abgeordnetenhaus von Berlin'>Anh\u00f6rung zu 27. Sitzung des Ausschusses f\u00fcr Inneres, Sicherheit und Ordnung am 11.12.2023 im Abgeordnetenhaus von Berlin<\/a><\/h3><span class=\"av-vertical-delimiter\"><\/span><\/header><div class=\"slide-meta\"><time class='slide-meta-time updated'  itemprop=\"datePublished\" datetime=\"2024-03-12T17:20:25+01:00\" >12. M\u00e4rz 2024<\/time><\/div><div class='slide-entry-excerpt entry-content'  itemprop=\"text\" >Am 11. Dezember 2023 war Caroline Krohn, Gr\u00fcnderin und Sprecherin\u2026<div class=\"read-more-link\"><a href=\"https:\/\/www.agnd.eu\/index.php\/2024\/03\/12\/anhoerung-zu-27-sitzung-des-ausschusses-fuer-inneres-sicherheit-und-ordnung-am-11-12-2023-im-abgeordnetenhaus-von-berlin\/\" class=\"more-link\">Weiterlesen<span class=\"more-link-arrow\"><\/span><\/a><\/div><\/div><\/div><footer class=\"entry-footer\"><\/footer><span class='hidden'>\n\t\t\t\t<span class='av-structured-data'  itemprop=\"image\" itemscope=\"itemscope\" itemtype=\"https:\/\/schema.org\/ImageObject\" >\n\t\t\t\t\t\t<span itemprop='url'>https:\/\/www.agnd.eu\/wp-content\/uploads\/2024\/03\/Anhoerung-Berlin-2023-12-Caro-Krohn.jpg<\/span>\n\t\t\t\t\t\t<span itemprop='height'>879<\/span>\n\t\t\t\t\t\t<span itemprop='width'>1494<\/span>\n\t\t\t\t<\/span>\n\t\t\t\t<span class='av-structured-data'  itemprop=\"publisher\" itemtype=\"https:\/\/schema.org\/Organization\" itemscope=\"itemscope\" >\n\t\t\t\t\t\t<span itemprop='name'>Manuel Atug<\/span>\n\t\t\t\t\t\t<span itemprop='logo' itemscope itemtype='https:\/\/schema.org\/ImageObject'>\n\t\t\t\t\t\t\t<span itemprop='url'>https:\/\/www.agnd.eu\/wp-content\/uploads\/2022\/08\/AGND-Logo-1030x642.png<\/span>\n\t\t\t\t\t\t <\/span>\n\t\t\t\t<\/span><span class='av-structured-data'  itemprop=\"author\" itemscope=\"itemscope\" itemtype=\"https:\/\/schema.org\/Person\" ><span itemprop='name'>Manuel Atug<\/span><\/span><span class='av-structured-data'  itemprop=\"datePublished\" datetime=\"2018-10-23T08:04:01+02:00\" >2024-03-12 17:20:25<\/span><span class='av-structured-data'  itemprop=\"dateModified\" itemtype=\"https:\/\/schema.org\/dateModified\" >2024-03-12 18:01:36<\/span><span class='av-structured-data'  itemprop=\"mainEntityOfPage\" itemtype=\"https:\/\/schema.org\/mainEntityOfPage\" ><span itemprop='name'>Anh\u00f6rung zu 27. Sitzung des Ausschusses f\u00fcr Inneres, Sicherheit und Ordnung am 11.12.2023 im Abgeordnetenhaus von Berlin<\/span><\/span><\/span><\/article><\/div><\/div><div class='pagination-wrap pagination-slider'><nav class='pagination'><span class='pagination-meta'>Seite 1 von 9<\/span><span class='current'>1<\/span><a href='https:\/\/www.agnd.eu\/index.php\/wp-json\/wp\/v2\/pages\/31\/?avia-element-paging=2' class='inactive next_page' >2<\/a><a href='https:\/\/www.agnd.eu\/index.php\/wp-json\/wp\/v2\/pages\/31\/?avia-element-paging=3' class='inactive' >3<\/a><a href='https:\/\/www.agnd.eu\/index.php\/wp-json\/wp\/v2\/pages\/31\/?avia-element-paging=2'>&rsaquo;<\/a><a href='https:\/\/www.agnd.eu\/index.php\/wp-json\/wp\/v2\/pages\/31\/?avia-element-paging=9'>&raquo;<\/a><\/nav>\n<\/div><\/div>\n\n<\/div><\/div><\/div><!-- close content main div --><\/div><\/div><div id='av_section_2'  class='avia-section av-21cor-1a4dda4757da561373403419d302d742 main_color avia-section-default avia-no-border-styling  avia-builder-el-4  el_after_av_section  el_before_av_section  avia-bg-style-scroll container_wrap sidebar_right'  ><div class='container av-section-cont-open' ><div class='template-page content  av-content-small alpha units'><div class='post-entry post-entry-type-page post-entry-31'><div class='entry-content-wrapper clearfix'>\n\n<style type=\"text\/css\" data-created_by=\"avia_inline_auto\" id=\"style-css-av-l727ysnf-36ec69636aa4c1f6c95bf580ed7e0207\">\n#top .av-special-heading.av-l727ysnf-36ec69636aa4c1f6c95bf580ed7e0207{\npadding-bottom:10px;\n}\nbody .av-special-heading.av-l727ysnf-36ec69636aa4c1f6c95bf580ed7e0207 .av-special-heading-tag .heading-char{\nfont-size:25px;\n}\n.av-special-heading.av-l727ysnf-36ec69636aa4c1f6c95bf580ed7e0207 .av-subheading{\nfont-size:15px;\n}\n<\/style>\n<div  class='av-special-heading av-l727ysnf-36ec69636aa4c1f6c95bf580ed7e0207 av-special-heading-h3  avia-builder-el-5  el_before_av_one_third  avia-builder-el-first '><h3 class='av-special-heading-tag'  itemprop=\"headline\"  >Was ist Nachhaltige Digitalisierung?<\/h3><div class=\"special-heading-border\"><div class=\"special-heading-inner-border\"><\/div><\/div><\/div>\n<div class='flex_column av-l727ywvo-c17cac11df5ebcca789dc18730eae4e2 av_one_third  avia-builder-el-6  el_after_av_heading  el_before_av_one_third  first flex_column_div '     ><section  class='av_textblock_section av-l727zerx-1a168d637de811b9b52bb4ffed09fe67'  itemscope=\"itemscope\" itemtype=\"https:\/\/schema.org\/CreativeWork\" ><div class='avia_textblock'  itemprop=\"text\" ><p>Die Arbeitsgruppe Nachhaltige Digitalisierung (AGND) ist eine Gruppe von unabh\u00e4ngigen Fachleuten, die sich mit den Langzeitfolgen der Digitalisierung befasst. Die soziale Komponente der Nachhaltigkeit wird in den Analysen, Publikationen, Vortr\u00e4gen und Projekten in den Vordergrund gestellt. Kernforderung dieser Arbeitsgruppe ist es, technische Schulden an kommende Generationen zu vermeiden und Security by Design in allen Institutionen und Systemen durchzusetzen. Bei der Digitalen Transformationen verantwortungsvolle Ma\u00dfnahmen einzuleiten und gewissenhaft durchzuf\u00fchren, also zu operationalisieren, ist gleichsam eine technische wie ethische Aufgabe.<\/p>\n<\/div><\/section><\/div><div class='flex_column av-1nrn7-256f5a8619b1fc504a3cfa5d8dd3fe45 av_one_third  avia-builder-el-8  el_after_av_one_third  el_before_av_one_third  flex_column_div '     ><section  class='av_textblock_section av-l72828xz-346b29c1255178e4ad0d4a7db763ee5d'  itemscope=\"itemscope\" itemtype=\"https:\/\/schema.org\/CreativeWork\" ><div class='avia_textblock'  itemprop=\"text\" ><section class=\"av_textblock_section \">\n<div class=\"avia_textblock \">\n<p>Weitere Informationen zu der Frage \u201eWas ist Nachhaltige Digitalisierung?\u201c findet du hinter diesem Link.<\/p>\n<\/div>\n<\/section>\n<div class=\"avia-button-wrap avia-button-left avia-builder-el-9 el_after_av_textblock avia-builder-el-last \"><\/div>\n<\/div><\/section><br \/>\n<div  class='avia-button-wrap av-l7280sn9-612b8ec6ab04d8e5e6d6108b40457648-wrap avia-button-center  avia-builder-el-10  el_after_av_textblock  avia-builder-el-last ' ><a href='https:\/\/www.agnd.eu\/index.php\/was-ist-die-agnd\/'  class='avia-button av-l7280sn9-612b8ec6ab04d8e5e6d6108b40457648 avia-icon_select-yes-left-icon avia-size-small avia-position-center avia-color-theme-color' ><span class='avia_button_icon avia_button_icon_left' aria-hidden='true' data-av_icon='\ue81f' data-av_iconfont='entypo-fontello'><\/span><span class='avia_iconbox_title' >Mehr Informationen<\/span><\/a><\/div><\/p><\/div><div class='flex_column av-nxwn-9954ba8cd3129cc6c931d3ed2c9da7cc av_one_third  avia-builder-el-11  el_after_av_one_third  avia-builder-el-last  flex_column_div '     ><style type=\"text\/css\" data-created_by=\"avia_inline_auto\" id=\"style-css-av-l7283ava-e808718dbdf1dd29f7431900ea141e68\">\n.avia-image-container.av-l7283ava-e808718dbdf1dd29f7431900ea141e68 img.avia_image{\nbox-shadow:none;\n}\n.avia-image-container.av-l7283ava-e808718dbdf1dd29f7431900ea141e68 .av-image-caption-overlay-center{\ncolor:#ffffff;\n}\n<\/style>\n<div  class='avia-image-container av-l7283ava-e808718dbdf1dd29f7431900ea141e68 av-styling- avia-align-center  avia-builder-el-12  avia-builder-el-no-sibling '   itemprop=\"image\" itemscope=\"itemscope\" itemtype=\"https:\/\/schema.org\/ImageObject\" ><div class=\"avia-image-container-inner\"><div class=\"avia-image-overlay-wrap\"><img decoding=\"async\" class='wp-image-292 avia-img-lazy-loading-not-292 avia_image ' src=\"https:\/\/www.agnd.eu\/wp-content\/uploads\/2022\/08\/CK-draussen-LDK-Herborn-300x211.jpg\" alt='' title='Caroline Krohn, AGND'  height=\"211\" width=\"300\"  itemprop=\"thumbnailUrl\" srcset=\"https:\/\/www.agnd.eu\/wp-content\/uploads\/2022\/08\/CK-draussen-LDK-Herborn-300x211.jpg 300w, https:\/\/www.agnd.eu\/wp-content\/uploads\/2022\/08\/CK-draussen-LDK-Herborn-1030x725.jpg 1030w, https:\/\/www.agnd.eu\/wp-content\/uploads\/2022\/08\/CK-draussen-LDK-Herborn-768x541.jpg 768w, https:\/\/www.agnd.eu\/wp-content\/uploads\/2022\/08\/CK-draussen-LDK-Herborn-1536x1081.jpg 1536w, https:\/\/www.agnd.eu\/wp-content\/uploads\/2022\/08\/CK-draussen-LDK-Herborn-1500x1056.jpg 1500w, https:\/\/www.agnd.eu\/wp-content\/uploads\/2022\/08\/CK-draussen-LDK-Herborn-705x496.jpg 705w, https:\/\/www.agnd.eu\/wp-content\/uploads\/2022\/08\/CK-draussen-LDK-Herborn.jpg 1648w\" sizes=\"(max-width: 300px) 100vw, 300px\" \/><\/div><\/div><\/div><\/div>\n\n<\/div><\/div><\/div><!-- close content main div --><\/div><\/div><div id='av_section_3'  class='avia-section av-ag9b-28b45353cc351d8b1e1ea8b4c281f52a main_color avia-section-default avia-no-border-styling  avia-builder-el-13  el_after_av_section  el_before_av_section  avia-bg-style-scroll container_wrap sidebar_right'  ><div class='container av-section-cont-open' ><div class='template-page content  av-content-small alpha units'><div class='post-entry post-entry-type-page post-entry-31'><div class='entry-content-wrapper clearfix'>\n\n<style type=\"text\/css\" data-created_by=\"avia_inline_auto\" id=\"style-css-av-l7285h3a-af1d59a182a70c4a29837b46c6f8a90e\">\n#top .av-special-heading.av-l7285h3a-af1d59a182a70c4a29837b46c6f8a90e{\npadding-bottom:10px;\n}\nbody .av-special-heading.av-l7285h3a-af1d59a182a70c4a29837b46c6f8a90e .av-special-heading-tag .heading-char{\nfont-size:25px;\n}\n.av-special-heading.av-l7285h3a-af1d59a182a70c4a29837b46c6f8a90e .av-subheading{\nfont-size:15px;\n}\n<\/style>\n<div  class='av-special-heading av-l7285h3a-af1d59a182a70c4a29837b46c6f8a90e av-special-heading-h3  avia-builder-el-14  el_before_av_one_third  avia-builder-el-first '><h3 class='av-special-heading-tag'  itemprop=\"headline\"  >Wer sind wir?<\/h3><div class=\"special-heading-border\"><div class=\"special-heading-inner-border\"><\/div><\/div><\/div>\n<div class='flex_column av-2cdzj-2398e50fec2f96f8640da52ea1d23fbf av_one_third  avia-builder-el-15  el_after_av_heading  el_before_av_one_third  first flex_column_div '     ><style type=\"text\/css\" data-created_by=\"avia_inline_auto\" id=\"style-css-av-l7285sef-dbd3fb57bc20b7712670a98bc7d94f52\">\n.avia-image-container.av-l7285sef-dbd3fb57bc20b7712670a98bc7d94f52 img.avia_image{\nbox-shadow:none;\n}\n.avia-image-container.av-l7285sef-dbd3fb57bc20b7712670a98bc7d94f52 .av-image-caption-overlay-center{\ncolor:#ffffff;\n}\n<\/style>\n<div  class='avia-image-container av-l7285sef-dbd3fb57bc20b7712670a98bc7d94f52 av-styling- avia-align-center  avia-builder-el-16  avia-builder-el-no-sibling '   itemprop=\"image\" itemscope=\"itemscope\" itemtype=\"https:\/\/schema.org\/ImageObject\" ><div class=\"avia-image-container-inner\"><div class=\"avia-image-overlay-wrap\"><img decoding=\"async\" class='wp-image-315 avia-img-lazy-loading-not-315 avia_image ' src=\"https:\/\/www.agnd.eu\/wp-content\/uploads\/2022\/08\/2020_08_Manuel_Atug-25-1-300x200.jpg\" alt='' title='Manuel Atug, AGND'  height=\"200\" width=\"300\"  itemprop=\"thumbnailUrl\" srcset=\"https:\/\/www.agnd.eu\/wp-content\/uploads\/2022\/08\/2020_08_Manuel_Atug-25-1-300x200.jpg 300w, https:\/\/www.agnd.eu\/wp-content\/uploads\/2022\/08\/2020_08_Manuel_Atug-25-1-1030x687.jpg 1030w, https:\/\/www.agnd.eu\/wp-content\/uploads\/2022\/08\/2020_08_Manuel_Atug-25-1-768x512.jpg 768w, https:\/\/www.agnd.eu\/wp-content\/uploads\/2022\/08\/2020_08_Manuel_Atug-25-1-1536x1024.jpg 1536w\" sizes=\"(max-width: 300px) 100vw, 300px\" \/><\/div><\/div><\/div><\/div><div class='flex_column av-4wsr-33a0ebd53db242487fb0a38737387f00 av_one_third  avia-builder-el-17  el_after_av_one_third  el_before_av_one_third  flex_column_div '     ><section  class='av_textblock_section av-l72862re-5a72263bfda6dae1bdc3dbf0a24e2038'  itemscope=\"itemscope\" itemtype=\"https:\/\/schema.org\/CreativeWork\" ><div class='avia_textblock'  itemprop=\"text\" ><section class=\"av_textblock_section \">\n<div class=\"avia_textblock \">\n<section class=\"av_textblock_section \">\n<div class=\"avia_textblock \">\n<p>Hier stellen sich unsere Mitglieder vor.<\/p>\n<\/div>\n<\/section>\n<\/div>\n<\/section>\n<div class=\"avia-button-wrap avia-button-left avia-builder-el-9 el_after_av_textblock avia-builder-el-last \"><\/div>\n<\/div><\/section><br \/>\n<div  class='avia-button-wrap av-l72868jr-85bf96789b10e6c5e7293e7f155b383a-wrap avia-button-center  avia-builder-el-19  el_after_av_textblock  avia-builder-el-last ' ><a href='https:\/\/www.agnd.eu\/index.php\/wer-sind-wir\/'  class='avia-button av-l72868jr-85bf96789b10e6c5e7293e7f155b383a avia-icon_select-yes-left-icon avia-size-small avia-position-center avia-color-theme-color' ><span class='avia_button_icon avia_button_icon_left' aria-hidden='true' data-av_icon='\ue81f' data-av_iconfont='entypo-fontello'><\/span><span class='avia_iconbox_title' >Mehr Informationen<\/span><\/a><\/div><\/p><\/div><div class='flex_column av-osoz-2285fc47a1302da3d6730422762fb562 av_one_third  avia-builder-el-20  el_after_av_one_third  avia-builder-el-last  flex_column_div '     ><section  class='av_textblock_section av-l7286x55-8dc36edce99f4054bb49971b4a90bfe4'  itemscope=\"itemscope\" itemtype=\"https:\/\/schema.org\/CreativeWork\" ><div class='avia_textblock'  itemprop=\"text\" ><p><a href=\"https:\/\/twitter.com\/KrohnCaroline\">Caroline Krohn<\/a>\u00a0ist IT-Sicherheitsexpertin f\u00fcr nachhaltige Wirtschaft und sichere Digitalisierung. Krohn ist u.a. Gr\u00fcnderin und Sprecherin der Arbeitsgemeinschaft Nachhaltige Digitalisierung (AGND).<\/p>\n<p>Manuel Atug ist IT-Sicherheitsexperte f\u00fcr kritische Infrastrukturen und u.a. als\u00a0<a href=\"https:\/\/twitter.com\/HonkHase\">@HonkHase<\/a>\u00a0im Netz aktiv.<\/p>\n<\/div><\/section><\/div>\n\n<\/div><\/div><\/div><!-- close content main div --><\/div><\/div><div id='av_section_4'  class='avia-section av-v1b3-299414eef835c76bd13da9720ea33b25 main_color avia-section-default avia-no-border-styling  avia-builder-el-22  el_after_av_section  avia-builder-el-last  avia-bg-style-scroll container_wrap sidebar_right'  ><div class='container av-section-cont-open' ><div class='template-page content  av-content-small alpha units'><div class='post-entry post-entry-type-page post-entry-31'><div class='entry-content-wrapper clearfix'><\/div><\/div><\/div><!-- close content main div --><\/div><\/div><div id='after_section_4'  class='main_color av_default_container_wrap container_wrap sidebar_right'  ><div class='container av-section-cont-open' ><div class='template-page content  av-content-small alpha units'><div class='post-entry post-entry-type-page post-entry-31'><div class='entry-content-wrapper clearfix'>\n","protected":false},"excerpt":{"rendered":"","protected":false},"author":1,"featured_media":0,"parent":0,"menu_order":0,"comment_status":"closed","ping_status":"closed","template":"","meta":{"footnotes":""},"class_list":["post-31","page","type-page","status-publish","hentry"],"yoast_head":"<!-- This site is optimized with the Yoast SEO plugin v27.5 - https:\/\/yoast.com\/product\/yoast-seo-wordpress\/ -->\n<title>Startseite - AGND<\/title>\n<meta name=\"robots\" content=\"index, follow, max-snippet:-1, max-image-preview:large, max-video-preview:-1\" \/>\n<link rel=\"canonical\" href=\"https:\/\/www.agnd.eu\/\" \/>\n<meta property=\"og:locale\" content=\"de_DE\" \/>\n<meta property=\"og:type\" content=\"article\" \/>\n<meta property=\"og:title\" content=\"Startseite - AGND\" \/>\n<meta property=\"og:url\" content=\"https:\/\/www.agnd.eu\/\" \/>\n<meta property=\"og:site_name\" content=\"AGND\" \/>\n<meta property=\"article:modified_time\" content=\"2022-08-20T18:43:02+00:00\" \/>\n<meta name=\"twitter:card\" content=\"summary_large_image\" \/>\n<meta name=\"twitter:label1\" content=\"Gesch\u00e4tzte Lesezeit\" \/>\n\t<meta name=\"twitter:data1\" content=\"11\u00a0Minuten\" \/>\n<script type=\"application\/ld+json\" class=\"yoast-schema-graph\">{\"@context\":\"https:\\\/\\\/schema.org\",\"@graph\":[{\"@type\":\"WebPage\",\"@id\":\"https:\\\/\\\/www.agnd.eu\\\/\",\"url\":\"https:\\\/\\\/www.agnd.eu\\\/\",\"name\":\"Startseite - AGND\",\"isPartOf\":{\"@id\":\"https:\\\/\\\/www.agnd.eu\\\/#website\"},\"datePublished\":\"2018-10-23T08:04:01+00:00\",\"dateModified\":\"2022-08-20T18:43:02+00:00\",\"breadcrumb\":{\"@id\":\"https:\\\/\\\/www.agnd.eu\\\/#breadcrumb\"},\"inLanguage\":\"de\",\"potentialAction\":[{\"@type\":\"ReadAction\",\"target\":[\"https:\\\/\\\/www.agnd.eu\\\/\"]}]},{\"@type\":\"BreadcrumbList\",\"@id\":\"https:\\\/\\\/www.agnd.eu\\\/#breadcrumb\",\"itemListElement\":[{\"@type\":\"ListItem\",\"position\":1,\"name\":\"Startseite\",\"item\":\"https:\\\/\\\/www.agnd.eu\\\/\"},{\"@type\":\"ListItem\",\"position\":2,\"name\":\"Startseite\"}]},{\"@type\":\"WebSite\",\"@id\":\"https:\\\/\\\/www.agnd.eu\\\/#website\",\"url\":\"https:\\\/\\\/www.agnd.eu\\\/\",\"name\":\"AGND\",\"description\":\"AG Nachhaltige Digitalisierung\",\"publisher\":{\"@id\":\"https:\\\/\\\/www.agnd.eu\\\/#organization\"},\"potentialAction\":[{\"@type\":\"SearchAction\",\"target\":{\"@type\":\"EntryPoint\",\"urlTemplate\":\"https:\\\/\\\/www.agnd.eu\\\/?s={search_term_string}\"},\"query-input\":{\"@type\":\"PropertyValueSpecification\",\"valueRequired\":true,\"valueName\":\"search_term_string\"}}],\"inLanguage\":\"de\"},{\"@type\":\"Organization\",\"@id\":\"https:\\\/\\\/www.agnd.eu\\\/#organization\",\"name\":\"AGND\",\"url\":\"https:\\\/\\\/www.agnd.eu\\\/\",\"logo\":{\"@type\":\"ImageObject\",\"inLanguage\":\"de\",\"@id\":\"https:\\\/\\\/www.agnd.eu\\\/#\\\/schema\\\/logo\\\/image\\\/\",\"url\":\"\",\"contentUrl\":\"\",\"caption\":\"AGND\"},\"image\":{\"@id\":\"https:\\\/\\\/www.agnd.eu\\\/#\\\/schema\\\/logo\\\/image\\\/\"}}]}<\/script>\n<!-- \/ Yoast SEO plugin. -->","yoast_head_json":{"title":"Startseite - AGND","robots":{"index":"index","follow":"follow","max-snippet":"max-snippet:-1","max-image-preview":"max-image-preview:large","max-video-preview":"max-video-preview:-1"},"canonical":"https:\/\/www.agnd.eu\/","og_locale":"de_DE","og_type":"article","og_title":"Startseite - AGND","og_url":"https:\/\/www.agnd.eu\/","og_site_name":"AGND","article_modified_time":"2022-08-20T18:43:02+00:00","twitter_card":"summary_large_image","twitter_misc":{"Gesch\u00e4tzte Lesezeit":"11\u00a0Minuten"},"schema":{"@context":"https:\/\/schema.org","@graph":[{"@type":"WebPage","@id":"https:\/\/www.agnd.eu\/","url":"https:\/\/www.agnd.eu\/","name":"Startseite - AGND","isPartOf":{"@id":"https:\/\/www.agnd.eu\/#website"},"datePublished":"2018-10-23T08:04:01+00:00","dateModified":"2022-08-20T18:43:02+00:00","breadcrumb":{"@id":"https:\/\/www.agnd.eu\/#breadcrumb"},"inLanguage":"de","potentialAction":[{"@type":"ReadAction","target":["https:\/\/www.agnd.eu\/"]}]},{"@type":"BreadcrumbList","@id":"https:\/\/www.agnd.eu\/#breadcrumb","itemListElement":[{"@type":"ListItem","position":1,"name":"Startseite","item":"https:\/\/www.agnd.eu\/"},{"@type":"ListItem","position":2,"name":"Startseite"}]},{"@type":"WebSite","@id":"https:\/\/www.agnd.eu\/#website","url":"https:\/\/www.agnd.eu\/","name":"AGND","description":"AG Nachhaltige Digitalisierung","publisher":{"@id":"https:\/\/www.agnd.eu\/#organization"},"potentialAction":[{"@type":"SearchAction","target":{"@type":"EntryPoint","urlTemplate":"https:\/\/www.agnd.eu\/?s={search_term_string}"},"query-input":{"@type":"PropertyValueSpecification","valueRequired":true,"valueName":"search_term_string"}}],"inLanguage":"de"},{"@type":"Organization","@id":"https:\/\/www.agnd.eu\/#organization","name":"AGND","url":"https:\/\/www.agnd.eu\/","logo":{"@type":"ImageObject","inLanguage":"de","@id":"https:\/\/www.agnd.eu\/#\/schema\/logo\/image\/","url":"","contentUrl":"","caption":"AGND"},"image":{"@id":"https:\/\/www.agnd.eu\/#\/schema\/logo\/image\/"}}]}},"_links":{"self":[{"href":"https:\/\/www.agnd.eu\/index.php\/wp-json\/wp\/v2\/pages\/31","targetHints":{"allow":["GET"]}}],"collection":[{"href":"https:\/\/www.agnd.eu\/index.php\/wp-json\/wp\/v2\/pages"}],"about":[{"href":"https:\/\/www.agnd.eu\/index.php\/wp-json\/wp\/v2\/types\/page"}],"author":[{"embeddable":true,"href":"https:\/\/www.agnd.eu\/index.php\/wp-json\/wp\/v2\/users\/1"}],"replies":[{"embeddable":true,"href":"https:\/\/www.agnd.eu\/index.php\/wp-json\/wp\/v2\/comments?post=31"}],"version-history":[{"count":23,"href":"https:\/\/www.agnd.eu\/index.php\/wp-json\/wp\/v2\/pages\/31\/revisions"}],"predecessor-version":[{"id":620,"href":"https:\/\/www.agnd.eu\/index.php\/wp-json\/wp\/v2\/pages\/31\/revisions\/620"}],"wp:attachment":[{"href":"https:\/\/www.agnd.eu\/index.php\/wp-json\/wp\/v2\/media?parent=31"}],"curies":[{"name":"wp","href":"https:\/\/api.w.org\/{rel}","templated":true}]}}